{"id":4111,"date":"2026-07-16T11:04:32","date_gmt":"2026-07-16T09:04:32","guid":{"rendered":"https:\/\/acmeportable.eu\/?post_type=event&#038;p=4111"},"modified":"2026-08-04T17:04:53","modified_gmt":"2026-08-04T15:04:53","slug":"mspo-2026","status":"publish","type":"event","link":"https:\/\/wp.acmeportable.eu\/tr\/event\/mspo-2026\/","title":{"rendered":"MSPO 2026"},"content":{"rendered":"<!-- hoa-seo-content -->\n<h2>8-11 September 2026 | Hall 11, booth D29<\/h2>\n<p>ACME Portable Computer Germany'nin MSPO 2026 etkinlik bilgileri; dayan\u0131kl\u0131 ta\u015f\u0131nabilir bilgi i\u015flem sistemleri ve g\u00f6rev donan\u0131m\u0131 platformlar\u0131n\u0131 kapsar. Bu etkinlik sayfas\u0131, m\u00fc\u015fterilerin ve i\u015f ortaklar\u0131n\u0131n ACME fuarlar\u0131n\u0131, savunma teknolojisi etkinliklerini ve ta\u015f\u0131nabilir i\u015f istasyonu g\u00fcncellemelerini takip etmesine yard\u0131mc\u0131 olur.<\/p>\n\n\n<p class=\"wp-block-paragraph\">34. Uluslararas\u0131 Savunma Sanayii Fuar\u0131 MSPO 2026, 8-11 Eyl\u00fcl 2026 tarihlerinde Polonya'daki Targi Kielce fuar alan\u0131nda ger\u00e7ekle\u015fecektir. Fuar, Orta ve Do\u011fu Avrupa'daki savunma sanayii i\u00e7in \u00f6nemli bulu\u015fma noktalar\u0131ndan biridir.<\/p>\n\n\n\n<p class=\"wp-block-paragraph\">ACME Portable, MSPO 2026'da yer alacakt\u0131r. Savunma, komuta ve kontrol, mobil konu\u015fland\u0131rma, sim\u00fclasyon, jeo-uzamsal uygulamalar ve g\u00f6rev sistemi entegrasyonu ortamlar\u0131 i\u00e7in dayan\u0131kl\u0131 ta\u015f\u0131nabilir bilgi i\u015flem ve g\u00f6rev donan\u0131m\u0131 platformlar\u0131n\u0131 g\u00f6r\u00fc\u015fmek \u00fczere bizi Hall 11, D29 stand\u0131nda ziyaret edin.<\/p>\n\n\n\n<p class=\"wp-block-paragraph\">Ekibimiz, ACME Portable sistemlerinin \u00e7\u00f6z\u00fcm sa\u011flay\u0131c\u0131lar i\u00e7in h\u0131zl\u0131 kurulum, hepsi bir arada saha operasyonu i\u015f ak\u0131\u015flar\u0131, \u00e7oklu monit\u00f6r yap\u0131land\u0131rmalar\u0131 ve uzun vadeli g\u00fcvenilir donan\u0131m platformlar\u0131n\u0131 nas\u0131l destekledi\u011fini g\u00f6sterecektir.<\/p>\n\n\n\n<p class=\"wp-block-paragraph\">Daha fazla bilgi al\u0131n: <a href=\"https:\/\/acmeportable.eu\/defense\/\" target=\"_blank\" rel=\"noopener\">savunma uygulamalar\u0131m\u0131z<\/a> ve <a href=\"https:\/\/acmeportable.eu\/products-overview\/\" target=\"_blank\" rel=\"noopener\">ta\u015f\u0131nabilir bilgisayar \u00fcr\u00fcn ailelerimiz<\/a>.<\/p>\n\n\n\n<p class=\"wp-block-paragraph\">Etkinlik web sitesi: <a href=\"https:\/\/www.targikielce.pl\/en\/mspo\" target=\"_blank\" rel=\"noopener\">https:\/\/www.targikielce.pl\/en\/mspo<\/a><\/p>","protected":false},"featured_media":4156,"template":"","meta":{"_acf_changed":false},"categories":[],"class_list":["post-4111","event","type-event","status-publish","has-post-thumbnail","hentry"],"acf":[],"_links":{"self":[{"href":"https:\/\/wp.acmeportable.eu\/tr\/wp-json\/wp\/v2\/event\/4111","targetHints":{"allow":["GET"]}}],"collection":[{"href":"https:\/\/wp.acmeportable.eu\/tr\/wp-json\/wp\/v2\/event"}],"about":[{"href":"https:\/\/wp.acmeportable.eu\/tr\/wp-json\/wp\/v2\/types\/event"}],"wp:featuredmedia":[{"embeddable":true,"href":"https:\/\/wp.acmeportable.eu\/tr\/wp-json\/wp\/v2\/media\/4156"}],"wp:attachment":[{"href":"https:\/\/wp.acmeportable.eu\/tr\/wp-json\/wp\/v2\/media?parent=4111"}],"wp:term":[{"taxonomy":"category","embeddable":true,"href":"https:\/\/wp.acmeportable.eu\/tr\/wp-json\/wp\/v2\/categories?post=4111"}],"curies":[{"name":"wp","href":"https:\/\/api.w.org\/{rel}","templated":true}]}}